{"id":10568,"date":"2022-03-10T14:07:30","date_gmt":"2022-03-10T14:07:30","guid":{"rendered":"https:\/\/camp-zdovica.com\/destinazioni\/"},"modified":"2026-02-19T16:09:02","modified_gmt":"2026-02-19T16:09:02","slug":"destinazioni","status":"publish","type":"page","link":"https:\/\/camp-zdovica.com\/it\/destinazioni\/","title":{"rendered":"Destinazioni"},"content":{"rendered":"<p>[et_pb_section fb_built=&#8221;1&#8243; custom_padding_last_edited=&#8221;on|phone&#8221; admin_label=&#8221;Section: Cres&#8221; _builder_version=&#8221;4.27.4&#8243; _module_preset=&#8221;default&#8221; background_image=&#8221;https:\/\/camp-zdovica.com\/wp-content\/uploads\/2022\/03\/Grad-Cres-kao-destinacija-Kamp-Zdovica-Valun-Cres.webp&#8221; min_height=&#8221;800px&#8221; height=&#8221;800px&#8221; height_tablet=&#8221;800px&#8221; height_phone=&#8221;&#8221; height_last_edited=&#8221;on|tablet&#8221; custom_margin=&#8221;||50px||false|false&#8221; custom_margin_tablet=&#8221;||0px||false|false&#8221; custom_margin_phone=&#8221;0px||0px||true|false&#8221; custom_margin_last_edited=&#8221;on|phone&#8221; custom_padding=&#8221;0px||||false|false&#8221; custom_padding_tablet=&#8221;0px||0px||false|false&#8221; custom_padding_phone=&#8221;||0px||false|false&#8221; background_color_tablet=&#8221;RGBA(255,255,255,0)&#8221; background_color_phone=&#8221;gcid-ea88d038-4ddb-4dbc-b07b-4bf60cb61781&#8243; background_last_edited=&#8221;on|phone&#8221; background_enable_color_tablet=&#8221;on&#8221; background_enable_color_phone=&#8221;on&#8221; background_enable_image_tablet=&#8221;off&#8221; background_enable_image_phone=&#8221;off&#8221; border_color_right=&#8221;gcid-ea88d038-4ddb-4dbc-b07b-4bf60cb61781&#8243; border_width_left=&#8221;50px&#8221; border_color_left=&#8221;gcid-ea88d038-4ddb-4dbc-b07b-4bf60cb61781&#8243; border_width_left_tablet=&#8221;0px&#8221; border_width_left_phone=&#8221;0px&#8221; border_width_left_last_edited=&#8221;on|phone&#8221; collapsed=&#8221;on&#8221; global_colors_info=&#8221;{%22gcid-ea88d038-4ddb-4dbc-b07b-4bf60cb61781%22:%91%22border_color_bottom%22,%22border_color_right%22,%22border_color_left%22%93}&#8221;][et_pb_row use_custom_gutter=&#8221;on&#8221; gutter_width=&#8221;2&#8243; admin_label=&#8221;Row: Naslov&#8221; _builder_version=&#8221;4.27.4&#8243; _module_preset=&#8221;default&#8221; background_enable_color=&#8221;off&#8221; width=&#8221;33%&#8221; width_tablet=&#8221;100%&#8221; width_phone=&#8221;100%&#8221; width_last_edited=&#8221;on|phone&#8221; module_alignment=&#8221;left&#8221; custom_margin=&#8221;0px||0px||true|false&#8221; custom_padding=&#8221;|24px||24px|false|true&#8221; module_alignment_tablet=&#8221;left&#8221; module_alignment_phone=&#8221;center&#8221; module_alignment_last_edited=&#8221;on|phone&#8221; collapsed=&#8221;on&#8221; global_colors_info=&#8221;{%22gcid-ea88d038-4ddb-4dbc-b07b-4bf60cb61781%22:%91%22background_color%22%93}&#8221;][et_pb_column type=&#8221;4_4&#8243; admin_label=&#8221;Column: Naslov&#8221; _builder_version=&#8221;4.16&#8243; _module_preset=&#8221;default&#8221; global_colors_info=&#8221;{}&#8221;][et_pb_text _builder_version=&#8221;4.16&#8243; _module_preset=&#8221;default&#8221; global_colors_info=&#8221;{}&#8221;]<\/p>\n<p><mark>Destinazioni<\/mark><\/p>\n<p>[\/et_pb_text][et_pb_text admin_label=&#8221;Text: Naslov&#8221; _builder_version=&#8221;4.16&#8243; _module_preset=&#8221;default&#8221; header_2_font=&#8221;|300|||||||&#8221; header_2_text_color=&#8221;gcid-ea88d038-4ddb-4dbc-b07b-4bf60cb61781&#8243; header_2_line_height=&#8221;1.2em&#8221; header_2_text_color_tablet=&#8221;gcid-07104418-952e-40b4-8ff3-d433966dcd17&#8243; header_2_text_color_phone=&#8221;gcid-07104418-952e-40b4-8ff3-d433966dcd17&#8243; header_2_text_color_last_edited=&#8221;on|phone&#8221; header_2_font_size_tablet=&#8221;&#8221; header_2_font_size_phone=&#8221;2.5em&#8221; header_2_font_size_last_edited=&#8221;on|phone&#8221; global_colors_info=&#8221;{%22gcid-ea88d038-4ddb-4dbc-b07b-4bf60cb61781%22:%91%22header_2_text_color%22%93,%22gcid-07104418-952e-40b4-8ff3-d433966dcd17%22:%91%22header_2_text_color_phone%22,%22header_2_text_color_tablet%22%93}&#8221;]<\/p>\n<h2>Cres<\/h2>\n<p>[\/et_pb_text][\/et_pb_column][\/et_pb_row][et_pb_row custom_padding_last_edited=&#8221;on|tablet&#8221; disabled_on=&#8221;on|off|on&#8221; _builder_version=&#8221;4.16&#8243; _module_preset=&#8221;default&#8221; width_tablet=&#8221;100%&#8221; width_phone=&#8221;100%&#8221; width_last_edited=&#8221;on|tablet&#8221; custom_padding_tablet=&#8221;0px|0px|0px|0px|true|true&#8221; custom_padding_phone=&#8221;0px|0px|0px|0px|true|true&#8221; z_index_tablet=&#8221;-1&#8243; z_index_phone=&#8221;-1&#8243; z_index_last_edited=&#8221;on|tablet&#8221; collapsed=&#8221;on&#8221; global_colors_info=&#8221;{}&#8221;][et_pb_column type=&#8221;4_4&#8243; _builder_version=&#8221;4.16&#8243; _module_preset=&#8221;default&#8221; global_colors_info=&#8221;{}&#8221;][et_pb_image src=&#8221;https:\/\/camp-zdovica.com\/wp-content\/uploads\/2022\/03\/Grad-Cres-kao-destinacija-Kamp-Zdovica-Valun-Cres-t.webp&#8221; alt=&#8221;Citt\u00e0 di Cherso (Cres), Campeggio Zdovica, Valun, Cres&#8221; title_text=&#8221;Citt\u00e0 di Cherso (Cres), Campeggio Zdovica, Valun, Cres&#8221; show_bottom_space=&#8221;off&#8221; _builder_version=&#8221;4.16&#8243; _module_preset=&#8221;default&#8221; global_colors_info=&#8221;{}&#8221;][\/et_pb_image][\/et_pb_column][\/et_pb_row][et_pb_row custom_padding_last_edited=&#8221;on|phone&#8221; disabled_on=&#8221;off|on|on&#8221; _builder_version=&#8221;4.16&#8243; _module_preset=&#8221;default&#8221; width_tablet=&#8221;&#8221; width_phone=&#8221;100%&#8221; width_last_edited=&#8221;on|phone&#8221; custom_padding_tablet=&#8221;&#8221; custom_padding_phone=&#8221;0px||0px||true|false&#8221; collapsed=&#8221;on&#8221; global_colors_info=&#8221;{}&#8221;][et_pb_column type=&#8221;4_4&#8243; _builder_version=&#8221;4.16&#8243; _module_preset=&#8221;default&#8221; global_colors_info=&#8221;{}&#8221;][et_pb_image src=&#8221;https:\/\/camp-zdovica.com\/wp-content\/uploads\/2022\/03\/Grad-Cres-kao-destinacija-Kamp-Zdovica-Valun-Cres-m.webp&#8221; alt=&#8221;Citt\u00e0 di Cherso (Cres), Campeggio Zdovica, Valun, Cres&#8221; title_text=&#8221;Citt\u00e0 di Cherso (Cres), Campeggio Zdovica, Valun, Cres&#8221; show_bottom_space=&#8221;off&#8221; align=&#8221;center&#8221; align_tablet=&#8221;center&#8221; align_phone=&#8221;center&#8221; align_last_edited=&#8221;on|phone&#8221; _builder_version=&#8221;4.16&#8243; _module_preset=&#8221;default&#8221; width_tablet=&#8221;&#8221; width_phone=&#8221;&#8221; width_last_edited=&#8221;on|phone&#8221; global_colors_info=&#8221;{}&#8221;][\/et_pb_image][\/et_pb_column][\/et_pb_row][et_pb_row custom_padding_last_edited=&#8221;on|phone&#8221; admin_label=&#8221;Row: Opis&#8221; _builder_version=&#8221;4.16&#8243; _module_preset=&#8221;default&#8221; background_enable_color=&#8221;off&#8221; use_background_color_gradient=&#8221;on&#8221; background_color_gradient_direction=&#8221;90deg&#8221; background_color_gradient_stops=&#8221;gcid-ea88d038-4ddb-4dbc-b07b-4bf60cb61781 0%|gcid-ebae894c-28c5-44dd-ae59-b923dfb58089 100%&#8221; background_color_gradient_start=&#8221;gcid-ea88d038-4ddb-4dbc-b07b-4bf60cb61781&#8243; background_color_gradient_end=&#8221;gcid-ebae894c-28c5-44dd-ae59-b923dfb58089&#8243; z_index=&#8221;9&#8243; vertical_offset_tablet=&#8221;-100px&#8221; vertical_offset_phone=&#8221;-100px&#8221; vertical_offset_last_edited=&#8221;on|phone&#8221; width=&#8221;40%&#8221; width_tablet=&#8221;80%&#8221; width_phone=&#8221;90%&#8221; width_last_edited=&#8221;on|phone&#8221; module_alignment=&#8221;left&#8221; custom_margin=&#8221;||||false|false&#8221; custom_margin_tablet=&#8221;||||false|false&#8221; custom_margin_phone=&#8221;||||false|false&#8221; custom_margin_last_edited=&#8221;on|phone&#8221; custom_padding=&#8221;50px|50px|50px|50px|true|true&#8221; custom_padding_tablet=&#8221;50px|50px|0px|50px|false|true&#8221; custom_padding_phone=&#8221;25px|30px|25px|30px|true|true&#8221; background_last_edited=&#8221;on|phone&#8221; background_color_gradient_direction_tablet=&#8221;180deg&#8221; background_color_gradient_direction_phone=&#8221;180deg&#8221; module_alignment_tablet=&#8221;center&#8221; module_alignment_phone=&#8221;center&#8221; module_alignment_last_edited=&#8221;on|phone&#8221; box_shadow_style=&#8221;preset2&#8243; box_shadow_horizontal=&#8221;20px&#8221; box_shadow_horizontal_tablet=&#8221;0px&#8221; box_shadow_horizontal_phone=&#8221;0px&#8221; box_shadow_horizontal_last_edited=&#8221;on|phone&#8221; box_shadow_vertical_tablet=&#8221;-20px&#8221; box_shadow_vertical_phone=&#8221;-20px&#8221; box_shadow_vertical_last_edited=&#8221;on|phone&#8221; collapsed=&#8221;on&#8221; global_colors_info=&#8221;{%22gcid-ea88d038-4ddb-4dbc-b07b-4bf60cb61781%22:%91%22background_color%22,%22colorStart%22%93,%22gcid-ebae894c-28c5-44dd-ae59-b923dfb58089%22:%91%22colorEnd%22%93}&#8221;][et_pb_column type=&#8221;4_4&#8243; admin_label=&#8221;Column: Opis&#8221; _builder_version=&#8221;4.16&#8243; _module_preset=&#8221;default&#8221; global_colors_info=&#8221;{}&#8221;][et_pb_text admin_label=&#8221;Text: Opis&#8221; _builder_version=&#8221;4.16&#8243; _module_preset=&#8221;default&#8221; text_letter_spacing=&#8221;0.4px&#8221; text_line_height=&#8221;1.8em&#8221; global_colors_info=&#8221;{}&#8221;]<\/p>\n<p>La citt\u00e0 di Cherso (Cres), \u00e8 la localit\u00e0 pi\u00f9 grande dell\u2019isola di Cherso ed \u00e8 situata ai piedi di un golfo ben protetto nella parte occidentale dell\u2019isola. Gli edifici preistorici e l\u2019antica fortezza di Crepsa sono i testimoni del lungo e ricco passato dell\u2019isola. L\u2019antico centro storico, circondato dalle mura a formare un rettangolo con cinque torri e diverse porte cittadine, si \u00e8 formato prima della fine dell\u2019egemonia veneziana e, eccetto che per alcune modifiche di ampliamento successive, ha mantenuto sino ad oggi per lo pi\u00f9 il suo aspetto originario. Passeggiando dunque attraverso il centro storico scoprirete il Mediterraneo com\u2019era una volta e ripercorrerete i passi dei nostri antenati \u2013 delle persone che hanno creato la cultura le cui peculiarit\u00e0 ci lasciano ancora oggi senza fiato.   <\/p>\n<p>[\/et_pb_text][\/et_pb_column][\/et_pb_row][\/et_pb_section][et_pb_section fb_built=&#8221;1&#8243; custom_padding_last_edited=&#8221;on|phone&#8221; admin_label=&#8221;Section: Lubenice&#8221; module_id=&#8221;lubenice&#8221; _builder_version=&#8221;4.27.4&#8243; _module_preset=&#8221;default&#8221; background_color=&#8221;RGBA(255,255,255,0)&#8221; background_image=&#8221;https:\/\/camp-zdovica.com\/wp-content\/uploads\/2022\/03\/Lubenice-zalazak-sunca-Kamp-Zdovica-Valun-Cres-1.webp&#8221; height=&#8221;800px&#8221; height_tablet=&#8221;&#8221; height_phone=&#8221;&#8221; height_last_edited=&#8221;on|phone&#8221; custom_margin_tablet=&#8221;0px||0px||true|false&#8221; custom_margin_phone=&#8221;||0px||false|false&#8221; custom_margin_last_edited=&#8221;on|phone&#8221; custom_padding=&#8221;0px||||false|false&#8221; custom_padding_tablet=&#8221;0px||0px||false|false&#8221; custom_padding_phone=&#8221;||0px||false|false&#8221; background_last_edited=&#8221;on|phone&#8221; background_enable_image_tablet=&#8221;off&#8221; background_enable_image_phone=&#8221;off&#8221; border_width_right=&#8221;50px&#8221; border_color_right=&#8221;gcid-ea88d038-4ddb-4dbc-b07b-4bf60cb61781&#8243; border_width_bottom=&#8221;50px&#8221; border_color_bottom=&#8221;gcid-ea88d038-4ddb-4dbc-b07b-4bf60cb61781&#8243; border_color_left=&#8221;gcid-ea88d038-4ddb-4dbc-b07b-4bf60cb61781&#8243; border_width_right_tablet=&#8221;0px&#8221; border_width_right_phone=&#8221;0px&#8221; border_width_right_last_edited=&#8221;on|phone&#8221; collapsed=&#8221;on&#8221; global_colors_info=&#8221;{%22gcid-ea88d038-4ddb-4dbc-b07b-4bf60cb61781%22:%91%22border_color_right%22,%22border_color_bottom%22,%22border_color_left%22%93}&#8221;][et_pb_row custom_padding_last_edited=&#8221;on|phone&#8221; admin_label=&#8221;Row: Naslov&#8221; _builder_version=&#8221;4.16&#8243; _module_preset=&#8221;default&#8221; background_enable_color=&#8221;off&#8221; width=&#8221;40%&#8221; width_tablet=&#8221;90%&#8221; width_phone=&#8221;100%&#8221; width_last_edited=&#8221;on|phone&#8221; module_alignment=&#8221;right&#8221; custom_margin=&#8221;||||false|false&#8221; custom_padding=&#8221;50px|50px||50px|false|true&#8221; custom_padding_tablet=&#8221;0px|50px||50px|false|true&#8221; custom_padding_phone=&#8221;0px|50px||50px|false|true&#8221; module_alignment_tablet=&#8221;center&#8221; module_alignment_phone=&#8221;center&#8221; module_alignment_last_edited=&#8221;on|tablet&#8221; collapsed=&#8221;on&#8221; global_colors_info=&#8221;{%22gcid-ea88d038-4ddb-4dbc-b07b-4bf60cb61781%22:%91%22background_color%22%93}&#8221;][et_pb_column type=&#8221;4_4&#8243; admin_label=&#8221;Column: Naslov&#8221; _builder_version=&#8221;4.16&#8243; _module_preset=&#8221;default&#8221; global_colors_info=&#8221;{}&#8221;][et_pb_text _builder_version=&#8221;4.16&#8243; _module_preset=&#8221;default&#8221; global_colors_info=&#8221;{}&#8221;]<\/p>\n<p><mark>Destinazioni<\/mark><\/p>\n<p>[\/et_pb_text][et_pb_text admin_label=&#8221;Text: Naslov&#8221; _builder_version=&#8221;4.16&#8243; _module_preset=&#8221;default&#8221; header_2_font=&#8221;|300|||||||&#8221; header_2_text_color=&#8221;gcid-ea88d038-4ddb-4dbc-b07b-4bf60cb61781&#8243; header_2_line_height=&#8221;1.2em&#8221; header_2_text_color_tablet=&#8221;gcid-07104418-952e-40b4-8ff3-d433966dcd17&#8243; header_2_text_color_phone=&#8221;gcid-07104418-952e-40b4-8ff3-d433966dcd17&#8243; header_2_text_color_last_edited=&#8221;on|phone&#8221; global_colors_info=&#8221;{%22gcid-ea88d038-4ddb-4dbc-b07b-4bf60cb61781%22:%91%22header_2_text_color%22%93,%22gcid-07104418-952e-40b4-8ff3-d433966dcd17%22:%91%22header_2_text_color_phone%22,%22header_2_text_color_tablet%22%93}&#8221;]<\/p>\n<h2>Lubenice<\/h2>\n<p>[\/et_pb_text][\/et_pb_column][\/et_pb_row][et_pb_row custom_padding_last_edited=&#8221;on|tablet&#8221; disabled_on=&#8221;on|off|on&#8221; admin_label=&#8221;Row: Tablet image&#8221; _builder_version=&#8221;4.16&#8243; _module_preset=&#8221;default&#8221; width_tablet=&#8221;100%&#8221; width_phone=&#8221;100%&#8221; width_last_edited=&#8221;on|tablet&#8221; custom_padding_tablet=&#8221;0px||0px|0px|true|false&#8221; custom_padding_phone=&#8221;0px||0px|0px|true|false&#8221; collapsed=&#8221;on&#8221; global_colors_info=&#8221;{}&#8221;][et_pb_column type=&#8221;4_4&#8243; _builder_version=&#8221;4.16&#8243; _module_preset=&#8221;default&#8221; global_colors_info=&#8221;{}&#8221;][et_pb_image src=&#8221;https:\/\/camp-zdovica.com\/wp-content\/uploads\/2022\/03\/Lubenice-zalazak-sunca-Kamp-Zdovica-Valun-Cres-t.webp&#8221; title_text=&#8221;Lubenice, Campeggio Zdovica, Valun, Cres&#8221; show_bottom_space=&#8221;off&#8221; _builder_version=&#8221;4.16&#8243; _module_preset=&#8221;default&#8221; global_colors_info=&#8221;{}&#8221;][\/et_pb_image][\/et_pb_column][\/et_pb_row][et_pb_row custom_padding_last_edited=&#8221;on|phone&#8221; disabled_on=&#8221;off|on|on&#8221; admin_label=&#8221;Row: Mob image&#8221; _builder_version=&#8221;4.16&#8243; _module_preset=&#8221;default&#8221; width_tablet=&#8221;&#8221; width_phone=&#8221;100%&#8221; width_last_edited=&#8221;on|phone&#8221; custom_padding_tablet=&#8221;&#8221; custom_padding_phone=&#8221;0px||0px||true|false&#8221; collapsed=&#8221;on&#8221; global_colors_info=&#8221;{}&#8221; width__hover_enabled=&#8221;off|desktop&#8221;][et_pb_column type=&#8221;4_4&#8243; _builder_version=&#8221;4.16&#8243; _module_preset=&#8221;default&#8221; global_colors_info=&#8221;{}&#8221;][et_pb_image src=&#8221;https:\/\/camp-zdovica.com\/wp-content\/uploads\/2022\/03\/Lubenice-zalazak-sunca-Kamp-Zdovica-Valun-Cres-M.webp&#8221; alt=&#8221;Lubenice, Campeggio Zdovica, Valun, Cres&#8221; title_text=&#8221;Lubenice, Campeggio Zdovica, Valun, Cres&#8221; show_bottom_space=&#8221;off&#8221; _builder_version=&#8221;4.16&#8243; _module_preset=&#8221;default&#8221; global_colors_info=&#8221;{}&#8221;][\/et_pb_image][\/et_pb_column][\/et_pb_row][et_pb_row custom_padding_last_edited=&#8221;on|phone&#8221; admin_label=&#8221;Row: Opis&#8221; _builder_version=&#8221;4.16&#8243; _module_preset=&#8221;default&#8221; background_color=&#8221;RGBA(255,255,255,0)&#8221; use_background_color_gradient=&#8221;on&#8221; background_color_gradient_direction=&#8221;90deg&#8221; background_color_gradient_stops=&#8221;gcid-ebae894c-28c5-44dd-ae59-b923dfb58089 0%|gcid-ea88d038-4ddb-4dbc-b07b-4bf60cb61781 100%&#8221; background_color_gradient_start=&#8221;gcid-ebae894c-28c5-44dd-ae59-b923dfb58089&#8243; background_color_gradient_end=&#8221;gcid-ea88d038-4ddb-4dbc-b07b-4bf60cb61781&#8243; z_index=&#8221;10&#8243; vertical_offset_tablet=&#8221;-100px&#8221; vertical_offset_phone=&#8221;-100px&#8221; vertical_offset_last_edited=&#8221;on|phone&#8221; width=&#8221;40%&#8221; width_tablet=&#8221;80%&#8221; width_phone=&#8221;90%&#8221; width_last_edited=&#8221;on|phone&#8221; module_alignment=&#8221;right&#8221; custom_margin=&#8221;||||false|false&#8221; custom_margin_tablet=&#8221;||||false|false&#8221; custom_margin_phone=&#8221;||||false|false&#8221; custom_margin_last_edited=&#8221;on|tablet&#8221; custom_padding=&#8221;50px|50px|50px|50px|true|true&#8221; custom_padding_tablet=&#8221;50px|50px|0px|50px|false|true&#8221; custom_padding_phone=&#8221;25px|25px|25px|25px|true|true&#8221; background_last_edited=&#8221;on|phone&#8221; background_color_gradient_direction_tablet=&#8221;360deg&#8221; background_color_gradient_direction_phone=&#8221;0deg&#8221; module_alignment_tablet=&#8221;center&#8221; module_alignment_phone=&#8221;center&#8221; module_alignment_last_edited=&#8221;on|phone&#8221; box_shadow_style=&#8221;preset2&#8243; box_shadow_horizontal=&#8221;-20px&#8221; box_shadow_horizontal_tablet=&#8221;0px&#8221; box_shadow_horizontal_phone=&#8221;0px&#8221; box_shadow_horizontal_last_edited=&#8221;on|phone&#8221; box_shadow_vertical_tablet=&#8221;-20px&#8221; box_shadow_vertical_phone=&#8221;-20px&#8221; box_shadow_vertical_last_edited=&#8221;on|phone&#8221; collapsed=&#8221;on&#8221; global_colors_info=&#8221;{%22gcid-ea88d038-4ddb-4dbc-b07b-4bf60cb61781%22:%91%22colorEnd%22%93,%22gcid-ebae894c-28c5-44dd-ae59-b923dfb58089%22:%91%22colorStart%22%93}&#8221;][et_pb_column type=&#8221;4_4&#8243; admin_label=&#8221;Column: Opis&#8221; _builder_version=&#8221;4.16&#8243; _module_preset=&#8221;default&#8221; global_colors_info=&#8221;{}&#8221;][et_pb_text admin_label=&#8221;Text: Opis&#8221; _builder_version=&#8221;4.16&#8243; _module_preset=&#8221;e9bd7463-a3e6-47ee-b895-de293c5e1bb9&#8243; text_letter_spacing=&#8221;0.4px&#8221; global_colors_info=&#8221;{}&#8221;]<\/p>\n<p>Situato in cima a una scogliera a 378 m sul livello del mare, Lubenice \u00e8 un piccolo borgo, il quale ha avuto un\u2019importanza geo-strategica notevole nel Medioevo. Esiste qualcosa che potrebbe ispirarvi di pi\u00f9 delle affascinanti viuzze tortuose, delle numerose chiesette e dei resti delle mura medievali e della porta cittadina? Soltanto la spettacolare vista sul mare che si apre da questo luogo.  <\/p>\n<p>[\/et_pb_text][\/et_pb_column][\/et_pb_row][et_pb_row admin_label=&#8221;Copyright&#8221; _builder_version=&#8221;4.27.4&#8243; _module_preset=&#8221;default&#8221; positioning=&#8221;absolute&#8221; position_origin_a=&#8221;bottom_left&#8221; z_index=&#8221;10&#8243; vertical_offset_tablet=&#8221;&#8221; vertical_offset_phone=&#8221;&#8221; vertical_offset_last_edited=&#8221;on|phone&#8221; horizontal_offset_tablet=&#8221;&#8221; horizontal_offset_phone=&#8221;40px&#8221; horizontal_offset_last_edited=&#8221;on|phone&#8221; position_origin_a_tablet=&#8221;bottom_left&#8221; position_origin_a_phone=&#8221;center_left&#8221; position_origin_a_last_edited=&#8221;on|desktop&#8221; position_origin_f_tablet=&#8221;&#8221; position_origin_f_phone=&#8221;&#8221; position_origin_f_last_edited=&#8221;on|desktop&#8221; position_origin_r_tablet=&#8221;&#8221; position_origin_r_phone=&#8221;&#8221; position_origin_r_last_edited=&#8221;on|desktop&#8221; custom_margin=&#8221;0px|0px|0px|0px|true|true&#8221; custom_padding=&#8221;0px|8px|0px|8px|true|true&#8221; positioning_tablet=&#8221;absolute&#8221; positioning_phone=&#8221;absolute&#8221; positioning_last_edited=&#8221;on|phone&#8221; collapsed=&#8221;on&#8221; global_colors_info=&#8221;{}&#8221;][et_pb_column type=&#8221;4_4&#8243; _builder_version=&#8221;4.27.4&#8243; _module_preset=&#8221;default&#8221; global_colors_info=&#8221;{}&#8221;][et_pb_text _builder_version=&#8221;4.27.5&#8243; _module_preset=&#8221;default&#8221; text_text_color=&#8221;#FFFFFF&#8221; text_font_size=&#8221;0.6em&#8221; text_letter_spacing=&#8221;0.5px&#8221; text_line_height=&#8221;1.6em&#8221; global_colors_info=&#8221;{}&#8221;]\u00a9 Autore Walter Rekirsch, in Austria 2025.[\/et_pb_text][\/et_pb_column][\/et_pb_row][\/et_pb_section][et_pb_section fb_built=&#8221;1&#8243; custom_padding_last_edited=&#8221;on|phone&#8221; admin_label=&#8221;Section: Valun&#8221; module_id=&#8221;valun&#8221; _builder_version=&#8221;4.16&#8243; _module_preset=&#8221;default&#8221; background_color=&#8221;RGBA(255,255,255,0)&#8221; background_image=&#8221;https:\/\/camp-zdovica.com\/wp-content\/uploads\/2022\/03\/Valun-kao-destinacija-Kamp-Zdovica-Valun-Cres.webp&#8221; height=&#8221;800px&#8221; height_tablet=&#8221;&#8221; height_phone=&#8221;&#8221; height_last_edited=&#8221;on|phone&#8221; custom_margin_tablet=&#8221;0px||0px||true|false&#8221; custom_margin_phone=&#8221;||0px||false|false&#8221; custom_margin_last_edited=&#8221;on|phone&#8221; custom_padding=&#8221;0px||||false|false&#8221; custom_padding_tablet=&#8221;0px||0px||true|false&#8221; custom_padding_phone=&#8221;||0px||false|false&#8221; background_last_edited=&#8221;on|phone&#8221; background_enable_image_tablet=&#8221;off&#8221; background_enable_image_phone=&#8221;off&#8221; border_color_right=&#8221;gcid-ea88d038-4ddb-4dbc-b07b-4bf60cb61781&#8243; border_width_bottom=&#8221;50px&#8221; border_color_bottom=&#8221;gcid-ea88d038-4ddb-4dbc-b07b-4bf60cb61781&#8243; border_width_left=&#8221;50px&#8221; border_color_left=&#8221;gcid-ea88d038-4ddb-4dbc-b07b-4bf60cb61781&#8243; border_width_left_tablet=&#8221;0px&#8221; border_width_left_phone=&#8221;0px&#8221; border_width_left_last_edited=&#8221;on|phone&#8221; locked=&#8221;off&#8221; collapsed=&#8221;on&#8221; global_colors_info=&#8221;{%22gcid-ea88d038-4ddb-4dbc-b07b-4bf60cb61781%22:%91%22border_color_right%22,%22border_color_bottom%22,%22border_color_left%22%93}&#8221;][et_pb_row custom_padding_last_edited=&#8221;on|phone&#8221; admin_label=&#8221;Row: Naslov&#8221; _builder_version=&#8221;4.16&#8243; _module_preset=&#8221;default&#8221; background_enable_color=&#8221;off&#8221; width=&#8221;40%&#8221; width_tablet=&#8221;100%&#8221; width_phone=&#8221;100%&#8221; width_last_edited=&#8221;on|phone&#8221; module_alignment=&#8221;left&#8221; custom_margin_tablet=&#8221;0px||0px||false|false&#8221; custom_margin_phone=&#8221;0px||0px||false|false&#8221; custom_margin_last_edited=&#8221;on|tablet&#8221; custom_padding=&#8221;50px|50px||50px|false|true&#8221; custom_padding_tablet=&#8221;0px|50px||50px|false|true&#8221; custom_padding_phone=&#8221;0px||||false|true&#8221; collapsed=&#8221;on&#8221; global_colors_info=&#8221;{%22gcid-ea88d038-4ddb-4dbc-b07b-4bf60cb61781%22:%91%22background_color%22%93}&#8221;][et_pb_column type=&#8221;4_4&#8243; admin_label=&#8221;Column: Naslov&#8221; _builder_version=&#8221;4.16&#8243; _module_preset=&#8221;default&#8221; global_colors_info=&#8221;{}&#8221;][et_pb_text _builder_version=&#8221;4.16&#8243; _module_preset=&#8221;default&#8221; global_colors_info=&#8221;{}&#8221;]<\/p>\n<p><mark>Destinazioni<\/mark><\/p>\n<p>[\/et_pb_text][et_pb_text admin_label=&#8221;Text: Naslov&#8221; _builder_version=&#8221;4.16&#8243; _module_preset=&#8221;default&#8221; header_2_font=&#8221;|300|||||||&#8221; header_2_text_color=&#8221;gcid-ea88d038-4ddb-4dbc-b07b-4bf60cb61781&#8243; header_2_line_height=&#8221;1.2em&#8221; header_2_text_color_tablet=&#8221;gcid-07104418-952e-40b4-8ff3-d433966dcd17&#8243; header_2_text_color_phone=&#8221;gcid-07104418-952e-40b4-8ff3-d433966dcd17&#8243; header_2_text_color_last_edited=&#8221;on|phone&#8221; global_colors_info=&#8221;{%22gcid-ea88d038-4ddb-4dbc-b07b-4bf60cb61781%22:%91%22header_2_text_color%22%93,%22gcid-07104418-952e-40b4-8ff3-d433966dcd17%22:%91%22header_2_text_color_phone%22,%22header_2_text_color_tablet%22%93}&#8221;]<\/p>\n<h2>Valun<\/h2>\n<p>[\/et_pb_text][\/et_pb_column][\/et_pb_row][et_pb_row custom_padding_last_edited=&#8221;on|tablet&#8221; disabled_on=&#8221;on|off|on&#8221; admin_label=&#8221;Row: Tablet image&#8221; _builder_version=&#8221;4.16&#8243; _module_preset=&#8221;default&#8221; width_tablet=&#8221;100%&#8221; width_phone=&#8221;100%&#8221; width_last_edited=&#8221;on|tablet&#8221; custom_padding_tablet=&#8221;0px||0px||true|false&#8221; custom_padding_phone=&#8221;0px||0px||true|false&#8221; z_index_tablet=&#8221;-1&#8243; z_index_phone=&#8221;-1&#8243; z_index_last_edited=&#8221;on|tablet&#8221; collapsed=&#8221;on&#8221; global_colors_info=&#8221;{}&#8221;][et_pb_column type=&#8221;4_4&#8243; _builder_version=&#8221;4.16&#8243; _module_preset=&#8221;default&#8221; global_colors_info=&#8221;{}&#8221;][et_pb_image src=&#8221;https:\/\/camp-zdovica.com\/wp-content\/uploads\/2022\/03\/Valun-kao-destinacija-Kamp-Zdovica-Valun-Cres-t.webp&#8221; alt=&#8221;Valun, Campeggio Zdovica, Valun, Cres&#8221; title_text=&#8221;Valun, Campeggio Zdovica, Valun, Cres&#8221; _builder_version=&#8221;4.16&#8243; _module_preset=&#8221;default&#8221; global_colors_info=&#8221;{}&#8221;][\/et_pb_image][\/et_pb_column][\/et_pb_row][et_pb_row custom_padding_last_edited=&#8221;on|phone&#8221; disabled_on=&#8221;off|on|on&#8221; admin_label=&#8221;Row: Mob image&#8221; _builder_version=&#8221;4.16&#8243; _module_preset=&#8221;default&#8221; width_tablet=&#8221;&#8221; width_phone=&#8221;100%&#8221; width_last_edited=&#8221;on|phone&#8221; custom_padding_tablet=&#8221;&#8221; custom_padding_phone=&#8221;0px||0px||true|false&#8221; collapsed=&#8221;on&#8221; global_colors_info=&#8221;{}&#8221; width__hover_enabled=&#8221;off|desktop&#8221;][et_pb_column type=&#8221;4_4&#8243; _builder_version=&#8221;4.16&#8243; _module_preset=&#8221;default&#8221; global_colors_info=&#8221;{}&#8221;][et_pb_image src=&#8221;https:\/\/camp-zdovica.com\/wp-content\/uploads\/2022\/03\/Valun-kao-destinacija-Kamp-Zdovica-Valun-Cres-m.webp&#8221; alt=&#8221;Valun, Campeggio Zdovica, Valun, Cres&#8221; title_text=&#8221;Valun, Campeggio Zdovica, Valun, Cres&#8221; show_bottom_space=&#8221;off&#8221; _builder_version=&#8221;4.16&#8243; _module_preset=&#8221;default&#8221; global_colors_info=&#8221;{}&#8221;][\/et_pb_image][\/et_pb_column][\/et_pb_row][et_pb_row custom_padding_last_edited=&#8221;on|phone&#8221; admin_label=&#8221;Row: Opis&#8221; _builder_version=&#8221;4.16&#8243; _module_preset=&#8221;default&#8221; background_color=&#8221;gcid-ea88d038-4ddb-4dbc-b07b-4bf60cb61781&#8243; vertical_offset_tablet=&#8221;-100px&#8221; vertical_offset_phone=&#8221;-50px&#8221; vertical_offset_last_edited=&#8221;on|phone&#8221; width=&#8221;40%&#8221; width_tablet=&#8221;80%&#8221; width_phone=&#8221;90%&#8221; width_last_edited=&#8221;on|phone&#8221; module_alignment=&#8221;left&#8221; custom_padding=&#8221;50px|50px|50px|50px|true|true&#8221; custom_padding_tablet=&#8221;50px|50px|0px|50px|false|true&#8221; custom_padding_phone=&#8221;25px|25px|25px|25px|true|true&#8221; z_index_tablet=&#8221;&#8221; z_index_phone=&#8221;10&#8243; z_index_last_edited=&#8221;on|phone&#8221; module_alignment_tablet=&#8221;center&#8221; module_alignment_phone=&#8221;center&#8221; module_alignment_last_edited=&#8221;on|phone&#8221; box_shadow_style=&#8221;preset2&#8243; box_shadow_horizontal=&#8221;20px&#8221; box_shadow_horizontal_tablet=&#8221;0px&#8221; box_shadow_horizontal_phone=&#8221;0px&#8221; box_shadow_horizontal_last_edited=&#8221;on|phone&#8221; box_shadow_vertical_tablet=&#8221;-20px&#8221; box_shadow_vertical_phone=&#8221;-20px&#8221; box_shadow_vertical_last_edited=&#8221;on|phone&#8221; collapsed=&#8221;on&#8221; global_colors_info=&#8221;{%22gcid-ea88d038-4ddb-4dbc-b07b-4bf60cb61781%22:%91%22background_color%22%93}&#8221;][et_pb_column type=&#8221;4_4&#8243; admin_label=&#8221;Column: Opis&#8221; _builder_version=&#8221;4.16&#8243; _module_preset=&#8221;default&#8221; global_colors_info=&#8221;{}&#8221;][et_pb_text admin_label=&#8221;Text: Opis&#8221; _builder_version=&#8221;4.16&#8243; _module_preset=&#8221;default&#8221; text_letter_spacing=&#8221;0.4px&#8221; global_colors_info=&#8221;{}&#8221;]<\/p>\n<p>Una localit\u00e0 situata tra due spiagge di ghiaia, Valun \u00e8 stata costruita e abitata da generazioni e generazioni di pescatori e contadini dell\u2019isola di Cherso (Cres). Questo luogo autoctono racconta da diversi secoli la storia della vita sul mare e ci\u00f2 che \u00e8 particolarmente interessante \u00e8 che nella chiesa di Sveti Marko (San Marco) \u00e8 stata ritrovata la Lapide di Valun: uno dei pi\u00f9 antichi monumenti glagolitici risalente all\u2019XI secolo.   <\/p>\n<p>[\/et_pb_text][\/et_pb_column][\/et_pb_row][\/et_pb_section][et_pb_section fb_built=&#8221;1&#8243; custom_padding_last_edited=&#8221;on|phone&#8221; admin_label=&#8221;Section: Beli&#8221; module_id=&#8221;beli&#8221; _builder_version=&#8221;4.16&#8243; _module_preset=&#8221;default&#8221; background_color=&#8221;RGBA(255,255,255,0)&#8221; background_image=&#8221;https:\/\/camp-zdovica.com\/wp-content\/uploads\/2022\/03\/Beli-kao-destinacija-Kamp-Zdovica-Valun-Cres-1.webp&#8221; height=&#8221;800px&#8221; height_tablet=&#8221;&#8221; height_phone=&#8221;&#8221; height_last_edited=&#8221;on|phone&#8221; custom_margin_tablet=&#8221;0px||0px||true|false&#8221; custom_margin_phone=&#8221;||||false|false&#8221; custom_margin_last_edited=&#8221;on|phone&#8221; custom_padding=&#8221;0px||||false|false&#8221; custom_padding_tablet=&#8221;0px||0px||true|false&#8221; custom_padding_phone=&#8221;0px||0px||false|false&#8221; background_last_edited=&#8221;on|phone&#8221; background_enable_image_tablet=&#8221;off&#8221; background_enable_image_phone=&#8221;off&#8221; border_width_right=&#8221;50px&#8221; border_color_right=&#8221;gcid-ea88d038-4ddb-4dbc-b07b-4bf60cb61781&#8243; border_width_bottom=&#8221;50px&#8221; border_color_bottom=&#8221;gcid-ea88d038-4ddb-4dbc-b07b-4bf60cb61781&#8243; border_color_left=&#8221;gcid-ea88d038-4ddb-4dbc-b07b-4bf60cb61781&#8243; border_width_right_tablet=&#8221;0px&#8221; border_width_right_phone=&#8221;0px&#8221; border_width_right_last_edited=&#8221;on|phone&#8221; locked=&#8221;off&#8221; collapsed=&#8221;on&#8221; global_colors_info=&#8221;{%22gcid-ea88d038-4ddb-4dbc-b07b-4bf60cb61781%22:%91%22border_color_right%22,%22border_color_bottom%22,%22border_color_left%22%93}&#8221;][et_pb_row custom_padding_last_edited=&#8221;on|phone&#8221; admin_label=&#8221;Row: Naslov&#8221; _builder_version=&#8221;4.16&#8243; _module_preset=&#8221;default&#8221; background_enable_color=&#8221;off&#8221; width=&#8221;40%&#8221; width_tablet=&#8221;100%&#8221; width_phone=&#8221;100%&#8221; width_last_edited=&#8221;on|phone&#8221; module_alignment=&#8221;right&#8221; custom_margin_tablet=&#8221;0px||||false|false&#8221; custom_margin_phone=&#8221;0px||||false|false&#8221; custom_margin_last_edited=&#8221;on|tablet&#8221; custom_padding=&#8221;50px|50px||50px|false|true&#8221; custom_padding_tablet=&#8221;0px|50px||50px|false|true&#8221; custom_padding_phone=&#8221;0px|50px||50px|false|true&#8221; module_alignment_tablet=&#8221;right&#8221; module_alignment_phone=&#8221;center&#8221; module_alignment_last_edited=&#8221;on|phone&#8221; collapsed=&#8221;on&#8221; global_colors_info=&#8221;{%22gcid-ea88d038-4ddb-4dbc-b07b-4bf60cb61781%22:%91%22background_color%22%93}&#8221;][et_pb_column type=&#8221;4_4&#8243; admin_label=&#8221;Column: Naslov&#8221; _builder_version=&#8221;4.16&#8243; _module_preset=&#8221;default&#8221; global_colors_info=&#8221;{}&#8221;][et_pb_text _builder_version=&#8221;4.16&#8243; _module_preset=&#8221;default&#8221; global_colors_info=&#8221;{}&#8221;]<\/p>\n<p><mark>Destinazioni<\/mark><\/p>\n<p>[\/et_pb_text][et_pb_text admin_label=&#8221;Text: Naslov&#8221; _builder_version=&#8221;4.16&#8243; _module_preset=&#8221;default&#8221; header_2_font=&#8221;|300|||||||&#8221; header_2_text_color=&#8221;gcid-ea88d038-4ddb-4dbc-b07b-4bf60cb61781&#8243; header_2_line_height=&#8221;1.2em&#8221; header_2_text_color_tablet=&#8221;gcid-07104418-952e-40b4-8ff3-d433966dcd17&#8243; header_2_text_color_phone=&#8221;gcid-07104418-952e-40b4-8ff3-d433966dcd17&#8243; header_2_text_color_last_edited=&#8221;on|phone&#8221; global_colors_info=&#8221;{%22gcid-ea88d038-4ddb-4dbc-b07b-4bf60cb61781%22:%91%22header_2_text_color%22%93,%22gcid-07104418-952e-40b4-8ff3-d433966dcd17%22:%91%22header_2_text_color_phone%22,%22header_2_text_color_tablet%22%93}&#8221;]<\/p>\n<h2>Beli<\/h2>\n<p>[\/et_pb_text][\/et_pb_column][\/et_pb_row][et_pb_row custom_padding_last_edited=&#8221;on|tablet&#8221; disabled_on=&#8221;on|off|on&#8221; admin_label=&#8221;Row: Tablet image&#8221; _builder_version=&#8221;4.16&#8243; _module_preset=&#8221;default&#8221; width_tablet=&#8221;100%&#8221; width_phone=&#8221;100%&#8221; width_last_edited=&#8221;on|tablet&#8221; custom_padding_tablet=&#8221;0px||0px||true|false&#8221; custom_padding_phone=&#8221;0px||0px||true|false&#8221; z_index_tablet=&#8221;&#8221; z_index_phone=&#8221;&#8221; z_index_last_edited=&#8221;on|tablet&#8221; collapsed=&#8221;on&#8221; global_colors_info=&#8221;{}&#8221;][et_pb_column type=&#8221;4_4&#8243; _builder_version=&#8221;4.16&#8243; _module_preset=&#8221;default&#8221; global_colors_info=&#8221;{}&#8221;][et_pb_image src=&#8221;https:\/\/camp-zdovica.com\/wp-content\/uploads\/2022\/03\/Beli-kao-destinacija-Kamp-Zdovica-Valun-Cres-t.webp&#8221; alt=&#8221;Beli, Campeggio Zdovica, Valun, Cres&#8221; title_text=&#8221;Beli, Campeggio Zdovica, Valun, Cres&#8221; show_bottom_space=&#8221;off&#8221; _builder_version=&#8221;4.16&#8243; _module_preset=&#8221;default&#8221; global_colors_info=&#8221;{}&#8221;][\/et_pb_image][\/et_pb_column][\/et_pb_row][et_pb_row custom_padding_last_edited=&#8221;on|phone&#8221; disabled_on=&#8221;off|on|on&#8221; admin_label=&#8221;Row: Mob image&#8221; _builder_version=&#8221;4.16&#8243; _module_preset=&#8221;default&#8221; width_tablet=&#8221;&#8221; width_phone=&#8221;100%&#8221; width_last_edited=&#8221;on|phone&#8221; custom_padding_tablet=&#8221;&#8221; custom_padding_phone=&#8221;0px||0px||true|false&#8221; z_index_tablet=&#8221;&#8221; z_index_phone=&#8221;-1&#8243; z_index_last_edited=&#8221;on|phone&#8221; collapsed=&#8221;on&#8221; global_colors_info=&#8221;{}&#8221;][et_pb_column type=&#8221;4_4&#8243; _builder_version=&#8221;4.16&#8243; _module_preset=&#8221;default&#8221; global_colors_info=&#8221;{}&#8221;][et_pb_image src=&#8221;https:\/\/camp-zdovica.com\/wp-content\/uploads\/2022\/03\/Beli-kao-destinacija-Kamp-Zdovica-Valun-Cres-m.webp&#8221; alt=&#8221;Beli, Campeggio Zdovica, Valun, Cres&#8221; title_text=&#8221;Beli, Campeggio Zdovica, Valun, Cres&#8221; show_bottom_space=&#8221;off&#8221; _builder_version=&#8221;4.16&#8243; _module_preset=&#8221;default&#8221; global_colors_info=&#8221;{}&#8221;][\/et_pb_image][\/et_pb_column][\/et_pb_row][et_pb_row custom_padding_last_edited=&#8221;on|phone&#8221; disabled_on=&#8221;off|off|off&#8221; admin_label=&#8221;Row: Opis&#8221; _builder_version=&#8221;4.16&#8243; _module_preset=&#8221;default&#8221; background_color=&#8221;gcid-ea88d038-4ddb-4dbc-b07b-4bf60cb61781&#8243; z_index=&#8221;10&#8243; vertical_offset_tablet=&#8221;-100px&#8221; vertical_offset_phone=&#8221;-50px&#8221; vertical_offset_last_edited=&#8221;on|phone&#8221; width=&#8221;40%&#8221; width_tablet=&#8221;80%&#8221; width_phone=&#8221;90%&#8221; width_last_edited=&#8221;on|phone&#8221; module_alignment=&#8221;right&#8221; custom_padding=&#8221;50px|50px|50px|50px|true|true&#8221; custom_padding_tablet=&#8221;50px|50px|0px|50px|false|true&#8221; custom_padding_phone=&#8221;25px|25px|25px|25px|true|true&#8221; module_alignment_tablet=&#8221;center&#8221; module_alignment_phone=&#8221;center&#8221; module_alignment_last_edited=&#8221;on|phone&#8221; box_shadow_style=&#8221;preset2&#8243; box_shadow_horizontal=&#8221;-20px&#8221; box_shadow_horizontal_tablet=&#8221;0px&#8221; box_shadow_horizontal_phone=&#8221;0px&#8221; box_shadow_horizontal_last_edited=&#8221;on|phone&#8221; box_shadow_vertical_tablet=&#8221;-20px&#8221; box_shadow_vertical_phone=&#8221;-20px&#8221; box_shadow_vertical_last_edited=&#8221;on|phone&#8221; collapsed=&#8221;on&#8221; global_colors_info=&#8221;{%22gcid-ea88d038-4ddb-4dbc-b07b-4bf60cb61781%22:%91%22background_color%22%93}&#8221;][et_pb_column type=&#8221;4_4&#8243; admin_label=&#8221;Column: Opis&#8221; _builder_version=&#8221;4.16&#8243; _module_preset=&#8221;default&#8221; global_colors_info=&#8221;{}&#8221;][et_pb_text admin_label=&#8221;Text: Opis&#8221; _builder_version=&#8221;4.16&#8243; _module_preset=&#8221;default&#8221; text_letter_spacing=&#8221;0.4px&#8221; global_colors_info=&#8221;{}&#8221;]<\/p>\n<p>Che aspetto ha una localit\u00e0 isolana formatasi 4000 anni fa? La localit\u00e0 di Beli abbonda di edifici che raccontano la storia del suo ricco passato e dei primi segni della cultura che definisce questo territorio: dai resti delle forti preistoriche agli spessi muri a secco, passando per la parrocchia fondata nel 1018. La localit\u00e0 di Beli \u00e8 anche il rifugio dei maestosi grifoni e il luogo in cui potrete visitare pure la mostra permanente dedicata alla biodiversit\u00e0 dell\u2019arcipelago di Cherso e Lussino (Lo\u0161inj).   <\/p>\n<p>[\/et_pb_text][\/et_pb_column][\/et_pb_row][\/et_pb_section][et_pb_section fb_built=&#8221;1&#8243; custom_padding_last_edited=&#8221;on|phone&#8221; admin_label=&#8221;Section: Martin\u0161\u0107ica&#8221; module_id=&#8221;martinscica&#8221; _builder_version=&#8221;4.16&#8243; _module_preset=&#8221;default&#8221; background_color=&#8221;RGBA(255,255,255,0)&#8221; background_image=&#8221;https:\/\/camp-zdovica.com\/wp-content\/uploads\/2022\/03\/Martinscica-destinacije-Kamp-Zdovica-Valun-Cres.webp&#8221; height=&#8221;800px&#8221; height_tablet=&#8221;&#8221; height_phone=&#8221;&#8221; height_last_edited=&#8221;on|phone&#8221; custom_margin_tablet=&#8221;0px||0px||true|false&#8221; custom_margin_phone=&#8221;0px||0px||false|false&#8221; custom_margin_last_edited=&#8221;on|phone&#8221; custom_padding=&#8221;0px||||false|false&#8221; custom_padding_tablet=&#8221;0px||0px||true|false&#8221; custom_padding_phone=&#8221;0px||0px||true|false&#8221; background_last_edited=&#8221;on|phone&#8221; background_enable_image_tablet=&#8221;off&#8221; background_enable_image_phone=&#8221;off&#8221; border_color_right=&#8221;gcid-ea88d038-4ddb-4dbc-b07b-4bf60cb61781&#8243; border_width_bottom=&#8221;50px&#8221; border_color_bottom=&#8221;gcid-ea88d038-4ddb-4dbc-b07b-4bf60cb61781&#8243; border_width_left=&#8221;50px&#8221; border_color_left=&#8221;gcid-ea88d038-4ddb-4dbc-b07b-4bf60cb61781&#8243; border_width_left_tablet=&#8221;0px&#8221; border_width_left_phone=&#8221;0px&#8221; border_width_left_last_edited=&#8221;on|phone&#8221; locked=&#8221;off&#8221; collapsed=&#8221;on&#8221; global_colors_info=&#8221;{%22gcid-ea88d038-4ddb-4dbc-b07b-4bf60cb61781%22:%91%22border_color_right%22,%22border_color_bottom%22,%22border_color_left%22%93}&#8221;][et_pb_row custom_padding_last_edited=&#8221;on|phone&#8221; admin_label=&#8221;Row: Naslov&#8221; _builder_version=&#8221;4.16&#8243; _module_preset=&#8221;default&#8221; background_enable_color=&#8221;off&#8221; width=&#8221;40%&#8221; width_tablet=&#8221;100%&#8221; width_phone=&#8221;100%&#8221; width_last_edited=&#8221;on|phone&#8221; module_alignment=&#8221;left&#8221; custom_padding=&#8221;50px|50px||50px|false|true&#8221; custom_padding_tablet=&#8221;0px|50px||50px|false|true&#8221; custom_padding_phone=&#8221;0px||||false|true&#8221; collapsed=&#8221;on&#8221; global_colors_info=&#8221;{%22gcid-ea88d038-4ddb-4dbc-b07b-4bf60cb61781%22:%91%22background_color%22%93}&#8221;][et_pb_column type=&#8221;4_4&#8243; admin_label=&#8221;Column: Naslov&#8221; _builder_version=&#8221;4.16&#8243; _module_preset=&#8221;default&#8221; global_colors_info=&#8221;{}&#8221;][et_pb_text _builder_version=&#8221;4.16&#8243; _module_preset=&#8221;default&#8221; global_colors_info=&#8221;{}&#8221;]<\/p>\n<p><mark>Destinazioni<\/mark><\/p>\n<p>[\/et_pb_text][et_pb_text admin_label=&#8221;Text: Naslov&#8221; _builder_version=&#8221;4.16&#8243; _module_preset=&#8221;default&#8221; header_2_font=&#8221;|300|||||||&#8221; header_2_text_color=&#8221;gcid-ea88d038-4ddb-4dbc-b07b-4bf60cb61781&#8243; header_2_line_height=&#8221;1.2em&#8221; header_2_text_color_tablet=&#8221;gcid-07104418-952e-40b4-8ff3-d433966dcd17&#8243; header_2_text_color_phone=&#8221;gcid-07104418-952e-40b4-8ff3-d433966dcd17&#8243; header_2_text_color_last_edited=&#8221;on|phone&#8221; global_colors_info=&#8221;{%22gcid-ea88d038-4ddb-4dbc-b07b-4bf60cb61781%22:%91%22header_2_text_color%22%93,%22gcid-07104418-952e-40b4-8ff3-d433966dcd17%22:%91%22header_2_text_color_phone%22,%22header_2_text_color_tablet%22%93}&#8221;]<\/p>\n<h2>Martin\u0161\u0107ica<\/h2>\n<p>[\/et_pb_text][\/et_pb_column][\/et_pb_row][et_pb_row custom_padding_last_edited=&#8221;on|tablet&#8221; disabled_on=&#8221;on|off|on&#8221; admin_label=&#8221;Row: Tablet image&#8221; _builder_version=&#8221;4.16&#8243; _module_preset=&#8221;default&#8221; width_tablet=&#8221;100%&#8221; width_phone=&#8221;100%&#8221; width_last_edited=&#8221;on|tablet&#8221; custom_padding_tablet=&#8221;0px||0px||true|false&#8221; custom_padding_phone=&#8221;0px||0px||true|false&#8221; z_index_tablet=&#8221;-1&#8243; z_index_phone=&#8221;-1&#8243; z_index_last_edited=&#8221;on|tablet&#8221; collapsed=&#8221;on&#8221; global_colors_info=&#8221;{}&#8221;][et_pb_column type=&#8221;4_4&#8243; _builder_version=&#8221;4.16&#8243; _module_preset=&#8221;default&#8221; global_colors_info=&#8221;{}&#8221;][et_pb_image src=&#8221;https:\/\/camp-zdovica.com\/wp-content\/uploads\/2022\/03\/Martinscica-destinacije-Kamp-Zdovica-Valun-Cres-t.webp&#8221; alt=&#8221;Martin\u0161\u0107ica Campeggio Zdovica, Valun, Cres&#8221; title_text=&#8221;Martin\u0161\u0107ica Campeggio Zdovica, Valun, Cres&#8221; show_bottom_space=&#8221;off&#8221; _builder_version=&#8221;4.16&#8243; _module_preset=&#8221;default&#8221; global_colors_info=&#8221;{}&#8221;][\/et_pb_image][\/et_pb_column][\/et_pb_row][et_pb_row custom_padding_last_edited=&#8221;on|phone&#8221; disabled_on=&#8221;off|on|on&#8221; admin_label=&#8221;Row: Mob image&#8221; _builder_version=&#8221;4.16&#8243; _module_preset=&#8221;default&#8221; width_tablet=&#8221;&#8221; width_phone=&#8221;100%&#8221; width_last_edited=&#8221;on|phone&#8221; custom_padding_tablet=&#8221;&#8221; custom_padding_phone=&#8221;0px||0px||true|false&#8221; z_index_tablet=&#8221;&#8221; z_index_phone=&#8221;-1&#8243; z_index_last_edited=&#8221;on|phone&#8221; collapsed=&#8221;on&#8221; global_colors_info=&#8221;{}&#8221; z_index__hover_enabled=&#8221;on|desktop&#8221;][et_pb_column type=&#8221;4_4&#8243; _builder_version=&#8221;4.16&#8243; _module_preset=&#8221;default&#8221; global_colors_info=&#8221;{}&#8221;][et_pb_image src=&#8221;https:\/\/camp-zdovica.com\/wp-content\/uploads\/2022\/03\/Martinscica-destinacije-Kamp-Zdovica-Valun-Cres-m.webp&#8221; alt=&#8221;Martin\u0161\u0107ica Campeggio Zdovica, Valun, Cres&#8221; title_text=&#8221;Martin\u0161\u0107ica Campeggio Zdovica, Valun, Cres&#8221; show_bottom_space=&#8221;off&#8221; _builder_version=&#8221;4.16&#8243; _module_preset=&#8221;default&#8221; global_colors_info=&#8221;{}&#8221;][\/et_pb_image][\/et_pb_column][\/et_pb_row][et_pb_row custom_padding_last_edited=&#8221;on|phone&#8221; disabled_on=&#8221;off|off|off&#8221; admin_label=&#8221;Row: Opis&#8221; _builder_version=&#8221;4.16&#8243; _module_preset=&#8221;default&#8221; background_color=&#8221;gcid-ea88d038-4ddb-4dbc-b07b-4bf60cb61781&#8243; z_index=&#8221;10&#8243; vertical_offset_tablet=&#8221;-100px&#8221; vertical_offset_phone=&#8221;-50px&#8221; vertical_offset_last_edited=&#8221;on|phone&#8221; width=&#8221;40%&#8221; width_tablet=&#8221;80%&#8221; width_phone=&#8221;90%&#8221; width_last_edited=&#8221;on|phone&#8221; module_alignment=&#8221;left&#8221; custom_padding=&#8221;50px|50px|50px|50px|true|true&#8221; custom_padding_tablet=&#8221;50px|50px|0px|50px|false|true&#8221; custom_padding_phone=&#8221;25px|25px|25px|25px|true|true&#8221; module_alignment_tablet=&#8221;center&#8221; module_alignment_phone=&#8221;center&#8221; module_alignment_last_edited=&#8221;on|phone&#8221; box_shadow_style=&#8221;preset2&#8243; box_shadow_horizontal=&#8221;20px&#8221; box_shadow_horizontal_tablet=&#8221;0px&#8221; box_shadow_horizontal_phone=&#8221;0px&#8221; box_shadow_horizontal_last_edited=&#8221;on|phone&#8221; box_shadow_vertical_tablet=&#8221;-20px&#8221; box_shadow_vertical_phone=&#8221;-20px&#8221; box_shadow_vertical_last_edited=&#8221;on|phone&#8221; collapsed=&#8221;on&#8221; global_colors_info=&#8221;{%22gcid-ea88d038-4ddb-4dbc-b07b-4bf60cb61781%22:%91%22background_color%22%93}&#8221; width__hover_enabled=&#8221;off|desktop&#8221;][et_pb_column type=&#8221;4_4&#8243; admin_label=&#8221;Column: Opis&#8221; _builder_version=&#8221;4.16&#8243; _module_preset=&#8221;default&#8221; global_colors_info=&#8221;{}&#8221;][et_pb_text admin_label=&#8221;Text: Opis&#8221; _builder_version=&#8221;4.16&#8243; _module_preset=&#8221;default&#8221; text_letter_spacing=&#8221;0.4px&#8221; global_colors_info=&#8221;{}&#8221;]<\/p>\n<p>Il patrimonio biologico dell\u2019isola di Cherso (Cres) si riflette in ogni angolo della localit\u00e0 di Martin\u0161\u0107ica. In questa localit\u00e0 potrete scoprire tantissime e meravigliose spiagge selvagge immerse nella natura incontaminata, mentre nelle retrovie si ergono le colline sulle quali sorgono i resti degli edifici preistorici e della chiesa romanica di Sveti Kristofor (San Cristoforo).  <\/p>\n<p>[\/et_pb_text][\/et_pb_column][\/et_pb_row][\/et_pb_section][et_pb_section fb_built=&#8221;1&#8243; admin_label=&#8221;Section: Recenzije&#8221; _builder_version=&#8221;4.16&#8243; _module_preset=&#8221;default&#8221; background_color=&#8221;gcid-41642ab2-c5f2-4464-83fa-3df07ebbaecd&#8221; background_image=&#8221;https:\/\/camp-zdovica.com\/wp-content\/uploads\/2022\/03\/recenzije-kamp-zdovica-valun-cres.webp&#8221; background_blend=&#8221;multiply&#8221; custom_margin=&#8221;|50px||50px|false|true&#8221; custom_margin_tablet=&#8221;|50px||50px|false|true&#8221; custom_margin_phone=&#8221;|0px||0px|false|true&#8221; custom_margin_last_edited=&#8221;on|phone&#8221; locked=&#8221;off&#8221; collapsed=&#8221;on&#8221; global_colors_info=&#8221;{%22gcid-41642ab2-c5f2-4464-83fa-3df07ebbaecd%22:%91%22background_color%22%93}&#8221;][et_pb_row _builder_version=&#8221;4.16&#8243; _module_preset=&#8221;default&#8221; global_colors_info=&#8221;{}&#8221;][et_pb_column type=&#8221;4_4&#8243; _builder_version=&#8221;4.16&#8243; _module_preset=&#8221;default&#8221; global_colors_info=&#8221;{}&#8221;][et_pb_text _builder_version=&#8221;4.16&#8243; _module_preset=&#8221;default&#8221; text_text_color=&#8221;gcid-ea88d038-4ddb-4dbc-b07b-4bf60cb61781&#8243; header_text_color=&#8221;gcid-ea88d038-4ddb-4dbc-b07b-4bf60cb61781&#8243; header_2_text_align=&#8221;center&#8221; header_2_text_color=&#8221;gcid-ea88d038-4ddb-4dbc-b07b-4bf60cb61781&#8243; header_5_text_align=&#8221;center&#8221; header_5_text_color=&#8221;gcid-ea88d038-4ddb-4dbc-b07b-4bf60cb61781&#8243; global_colors_info=&#8221;{%22gcid-ea88d038-4ddb-4dbc-b07b-4bf60cb61781%22:%91%22text_text_color%22,%22header_text_color%22,%22header_2_text_color%22,%22header_5_text_color%22%93}&#8221;]<\/p>\n<h2>Recenzije<\/h2>\n<h5><span style=\"font-weight: 400;\">Chi siamo \u2013 dal punto di vista dei nostri ospiti<\/span><\/h5>\n<p>[\/et_pb_text][et_pb_slider _builder_version=&#8221;4.16&#8243; _module_preset=&#8221;default&#8221; body_font_size=&#8221;20px&#8221; body_line_height=&#8221;1.8em&#8221; background_color=&#8221;RGBA(255,255,255,0)&#8221; global_colors_info=&#8221;{}&#8221;][et_pb_slide _builder_version=&#8221;4.16&#8243; _module_preset=&#8221;default&#8221; global_colors_info=&#8221;{}&#8221; sticky_transition=&#8221;on&#8221;]<img loading=\"lazy\" decoding=\"async\" class=\"wp-image-17738 size-full aligncenter\" src=\"https:\/\/kovacine.moonsafari.design\/wp-content\/uploads\/2021\/07\/Recenzije-O-nama%E2%80%93iz-perspektive-gostiju_stars-Kamp-Kovacine.png\" alt=\"\" width=\"142\" height=\"25\"><\/p>\n<p>Ottimo campeggio frontemare. Ombreggiato, economico, semplice, e pulito.<br \/>\u00c8 dotato di frighi. Non \u00e8 raggiungibile in macchina, esistono degli accessi carrabile ad un centinaio di metri dal campeggio, un po\u2019 scomodo ma decisamente silenzioso. Se arrivate quando il campeggio \u00e8 chiuso potete comunque trovare posto \u00e8 fare il check-in il giorno seguente. L\u2019ufficio di riferimento \u00e8 fuori dal campeggio.  <\/p>\n<p><span class=\"author_name\"><em>TGL MHL<\/em><\/span><br \/>\n<span class=\"author_position\">Italia <\/span>[\/et_pb_slide][et_pb_slide _builder_version=&#8221;4.16&#8243; _module_preset=&#8221;default&#8221; global_colors_info=&#8221;{}&#8221; sticky_transition=&#8221;on&#8221;]<img loading=\"lazy\" decoding=\"async\" class=\"wp-image-17738 size-full aligncenter\" src=\"https:\/\/kovacine.moonsafari.design\/wp-content\/uploads\/2021\/07\/Recenzije-O-nama%E2%80%93iz-perspektive-gostiju_stars-Kamp-Kovacine.png\" alt=\"\" width=\"142\" height=\"25\"><\/p>\n<p>Il campeggio pi\u00f9 bello del mondo. Semplicissimo, niente camper, niente roulotte, niente auto. Nessuna concessione a quei campeggioni moderni pieni di attivit\u00e0, qui si piazza la tenda e basta. Ma servizi igienici pulitissimi, piazzole curate, e siete a 1 metro dal mare dentro una pineta. Fantastico per chi ama questo genere di posti.<\/p>\n<p><span class=\"author_name\"><em>Giovanni Damiani<\/em><\/span><br \/>\n<span class=\"author_position\">Italia<\/span>[\/et_pb_slide][et_pb_slide _builder_version=&#8221;4.16&#8243; _module_preset=&#8221;default&#8221; global_colors_info=&#8221;{}&#8221; sticky_transition=&#8221;on&#8221;]<img loading=\"lazy\" decoding=\"async\" class=\"wp-image-17738 size-full aligncenter\" src=\"https:\/\/kovacine.moonsafari.design\/wp-content\/uploads\/2021\/07\/Recenzije-O-nama%E2%80%93iz-perspektive-gostiju_stars-Kamp-Kovacine.png\" alt=\"\" width=\"142\" height=\"25\"><\/p>\n<p>Meraviglioso.<br \/>\nSe volete tranquillit\u00e0 e vita un po\u2019 spartana. Ha tutto ci\u00f2 che vi serve. Ottimo davvero, prezzi veramente economici. Solo tende, per fortuna.  <\/p>\n<p><span class=\"author_name\"><em>k<\/em><\/span><br \/>\n<span class=\"author_position\">Hrvatska <\/span>[\/et_pb_slide][\/et_pb_slider][\/et_pb_column][\/et_pb_row][\/et_pb_section]<\/p>\n","protected":false},"excerpt":{"rendered":"<p>DestinazioniCresLa citt\u00e0 di Cherso (Cres), \u00e8 la localit\u00e0 pi\u00f9 grande dell\u2019isola di Cherso ed \u00e8 situata ai piedi di un golfo ben protetto nella parte occidentale dell\u2019isola. Gli edifici preistorici e l\u2019antica fortezza di Crepsa sono i testimoni del lungo e ricco passato dell\u2019isola. L\u2019antico centro storico, circondato dalle mura a formare un rettangolo con cinque torri e diverse porte cittadine, si \u00e8 formato prima della fine dell\u2019egemonia veneziana e, eccetto che per alcune modifiche di ampliamento successive, ha mantenuto sino ad oggi per lo pi\u00f9 il suo aspetto originario. Passeggiando dunque attraverso il centro storico scoprirete il Mediterraneo com\u2019era una volta e ripercorrerete i passi dei nostri antenati \u2013 delle persone che hanno creato la cultura le cui peculiarit\u00e0 ci lasciano ancora oggi senza fiato. DestinazioniLubeniceSituato in cima a una scogliera a 378 m sul livello del mare, Lubenice \u00e8 un piccolo borgo, il quale ha avuto un\u2019importanza geo-strategica notevole nel Medioevo. Esiste qualcosa che potrebbe ispirarvi di pi\u00f9 delle affascinanti viuzze tortuose, delle numerose chiesette e dei resti delle mura medievali e della porta cittadina? Soltanto la spettacolare vista sul mare che si apre da questo luogo. \u00a9 Autore Walter Rekirsch, in Austria 2025.DestinazioniValunUna localit\u00e0 situata tra due [&hellip;]<\/p>\n","protected":false},"author":1,"featured_media":0,"parent":0,"menu_order":0,"comment_status":"closed","ping_status":"closed","template":"","meta":{"_et_pb_use_builder":"on","_et_pb_old_content":"","_et_gb_content_width":"","footnotes":""},"class_list":["post-10568","page","type-page","status-publish","hentry"],"_links":{"self":[{"href":"https:\/\/camp-zdovica.com\/it\/wp-json\/wp\/v2\/pages\/10568","targetHints":{"allow":["GET"]}}],"collection":[{"href":"https:\/\/camp-zdovica.com\/it\/wp-json\/wp\/v2\/pages"}],"about":[{"href":"https:\/\/camp-zdovica.com\/it\/wp-json\/wp\/v2\/types\/page"}],"author":[{"embeddable":true,"href":"https:\/\/camp-zdovica.com\/it\/wp-json\/wp\/v2\/users\/1"}],"replies":[{"embeddable":true,"href":"https:\/\/camp-zdovica.com\/it\/wp-json\/wp\/v2\/comments?post=10568"}],"version-history":[{"count":3,"href":"https:\/\/camp-zdovica.com\/it\/wp-json\/wp\/v2\/pages\/10568\/revisions"}],"predecessor-version":[{"id":11936,"href":"https:\/\/camp-zdovica.com\/it\/wp-json\/wp\/v2\/pages\/10568\/revisions\/11936"}],"wp:attachment":[{"href":"https:\/\/camp-zdovica.com\/it\/wp-json\/wp\/v2\/media?parent=10568"}],"curies":[{"name":"wp","href":"https:\/\/api.w.org\/{rel}","templated":true}]}}